{"version":"1.0","provider_name":"Agera","provider_url":"https:\/\/www.agera.asso.fr\/en\/","author_name":"acti","author_url":"https:\/\/www.agera.asso.fr\/en\/author\/acti\/","title":"Lifelong learning - Agera","type":"rich","width":600,"height":338,"html":"<blockquote class=\"wp-embedded-content\" data-secret=\"v9jyArQVNw\"><a href=\"https:\/\/www.agera.asso.fr\/en\/actions\/lifelong-learning\/\">Lifelong learning<\/a><\/blockquote><iframe sandbox=\"allow-scripts\" security=\"restricted\" src=\"https:\/\/www.agera.asso.fr\/en\/actions\/lifelong-learning\/embed\/#?secret=v9jyArQVNw\" width=\"600\" height=\"338\" title=\"&#8220;Lifelong learning&#8221; &#8212; Agera\" data-secret=\"v9jyArQVNw\" frameborder=\"0\" marginwidth=\"0\" marginheight=\"0\" scrolling=\"no\" class=\"wp-embedded-content\"><\/iframe><script type=\"text\/javascript\">\n\/* <![CDATA[ *\/\n\/*! This file is auto-generated *\/\n!function(d,l){\"use strict\";l.querySelector&&d.addEventListener&&\"undefined\"!=typeof URL&&(d.wp=d.wp||{},d.wp.receiveEmbedMessage||(d.wp.receiveEmbedMessage=function(e){var t=e.data;if((t||t.secret||t.message||t.value)&&!\/[^a-zA-Z0-9]\/.test(t.secret)){for(var s,r,n,a=l.querySelectorAll('iframe[data-secret=\"'+t.secret+'\"]'),o=l.querySelectorAll('blockquote[data-secret=\"'+t.secret+'\"]'),c=new RegExp(\"^https?:$\",\"i\"),i=0;i<o.length;i++)o[i].style.display=\"none\";for(i=0;i<a.length;i++)s=a[i],e.source===s.contentWindow&&(s.removeAttribute(\"style\"),\"height\"===t.message?(1e3<(r=parseInt(t.value,10))?r=1e3:~~r<200&&(r=200),s.height=r):\"link\"===t.message&&(r=new URL(s.getAttribute(\"src\")),n=new URL(t.value),c.test(n.protocol))&&n.host===r.host&&l.activeElement===s&&(d.top.location.href=t.value))}},d.addEventListener(\"message\",d.wp.receiveEmbedMessage,!1),l.addEventListener(\"DOMContentLoaded\",function(){for(var e,t,s=l.querySelectorAll(\"iframe.wp-embedded-content\"),r=0;r<s.length;r++)(t=(e=s[r]).getAttribute(\"data-secret\"))||(t=Math.random().toString(36).substring(2,12),e.src+=\"#?secret=\"+t,e.setAttribute(\"data-secret\",t)),e.contentWindow.postMessage({message:\"ready\",secret:t},\"*\")},!1)))}(window,document);\n\/* ]]> *\/\n<\/script>\n","thumbnail_url":"https:\/\/www.agera.asso.fr\/app\/uploads\/2016\/12\/1603_COMM_FORM-740x357.jpg","thumbnail_width":740,"thumbnail_height":357,"description":"Dans le cadre de la r\u00e9flexion sur la \u00ab\u00a0formation tout au long de la vie\u00a0\u00a0\u00bb, une probl\u00e9matique appara\u00eet\u00a0: celle de la n\u00e9cessaire adaptation des formes de travail et des parcours professionnels \u00e0 l\u2019\u00e9volution de la soci\u00e9t\u00e9. Ainsi, une nouvelle relation se met en place entre l\u2019apprenant et les formateurs, qu\u2019il s\u2019agisse des enseignants ou des [&hellip;]"}